{"id":98,"date":"2024-02-22T10:10:44","date_gmt":"2024-02-22T10:10:44","guid":{"rendered":"https:\/\/neu.haus-sandra.eu\/?page_id=98"},"modified":"2026-01-06T09:04:48","modified_gmt":"2026-01-06T09:04:48","slug":"ferienwohnung-1","status":"publish","type":"page","link":"https:\/\/haus-sandra.eu\/index.php\/ferienwohnung-1\/","title":{"rendered":"Ferienwohnung 1"},"content":{"rendered":"<p>[et_pb_section fb_built=&#8220;1&#8243; admin_label=&#8220;Rooms&#8220; _builder_version=&#8220;4.24.2&#8243; custom_margin=&#8220;|||&#8220; custom_padding=&#8220;||||false|false&#8220; top_divider_style=&#8220;wave2&#8243; top_divider_color=&#8220;#94c11f&#8220; global_colors_info=&#8220;{}&#8220;][et_pb_row _builder_version=&#8220;4.24.2&#8243; _module_preset=&#8220;default&#8220; custom_padding=&#8220;45px|||||&#8220; global_colors_info=&#8220;{}&#8220;][et_pb_column type=&#8220;4_4&#8243; _builder_version=&#8220;4.24.2&#8243; _module_preset=&#8220;default&#8220; global_colors_info=&#8220;{}&#8220;][et_pb_text _builder_version=&#8220;4.24.2&#8243; text_font=&#8220;||||||||&#8220; text_font_size=&#8220;16px&#8220; text_line_height=&#8220;2em&#8220; header_font=&#8220;||||||||&#8220; header_2_font=&#8220;Raleway|700|||||||&#8220; header_2_font_size=&#8220;50px&#8220; header_2_line_height=&#8220;1.4em&#8220; header_6_font=&#8220;Raleway|700||on|||||&#8220; header_6_font_size=&#8220;16px&#8220; header_6_letter_spacing=&#8220;5px&#8220; header_6_line_height=&#8220;1.8em&#8220; max_width=&#8220;700px&#8220; module_alignment=&#8220;center&#8220; header_2_font_size_tablet=&#8220;35px&#8220; header_2_font_size_phone=&#8220;25px&#8220; header_2_font_size_last_edited=&#8220;on|phone&#8220; global_colors_info=&#8220;{}&#8220;]<\/p>\n<h2 style=\"text-align: center;\"><strong>Ferienwohnung 1<\/strong><\/h2>\n<p>[\/et_pb_text][\/et_pb_column][\/et_pb_row][et_pb_row column_structure=&#8220;1_4,1_4,1_4,1_4&#8243; _builder_version=&#8220;4.24.2&#8243; _module_preset=&#8220;default&#8220; custom_padding=&#8220;7px||8px|||&#8220; global_colors_info=&#8220;{}&#8220;][et_pb_column type=&#8220;1_4&#8243; _builder_version=&#8220;4.24.2&#8243; _module_preset=&#8220;default&#8220; global_colors_info=&#8220;{}&#8220;][et_pb_icon font_icon=&#8220;&#xf236;||fa||900&#8243; icon_width=&#8220;30px&#8220; _builder_version=&#8220;4.24.2&#8243; _module_preset=&#8220;default&#8220; custom_margin=&#8220;||9px|||&#8220; global_colors_info=&#8220;{}&#8220;][\/et_pb_icon][et_pb_text _builder_version=&#8220;4.24.2&#8243; _module_preset=&#8220;default&#8220; global_colors_info=&#8220;{}&#8220;]<\/p>\n<p style=\"text-align: center;\">2 Schlafzimmer (+1)<\/p>\n<p>[\/et_pb_text][\/et_pb_column][et_pb_column type=&#8220;1_4&#8243; _builder_version=&#8220;4.24.2&#8243; _module_preset=&#8220;default&#8220; global_colors_info=&#8220;{}&#8220;][et_pb_icon font_icon=&#8220;&#xf2cd;||fa||900&#8243; icon_width=&#8220;30px&#8220; _builder_version=&#8220;4.24.2&#8243; _module_preset=&#8220;default&#8220; custom_margin=&#8220;||11px|||&#8220; global_colors_info=&#8220;{}&#8220;][\/et_pb_icon][et_pb_text _builder_version=&#8220;4.24.2&#8243; _module_preset=&#8220;default&#8220; global_colors_info=&#8220;{}&#8220;]<\/p>\n<p style=\"text-align: center;\">1 Badezimmer<\/p>\n<p>[\/et_pb_text][\/et_pb_column][et_pb_column type=&#8220;1_4&#8243; _builder_version=&#8220;4.24.2&#8243; _module_preset=&#8220;default&#8220; global_colors_info=&#8220;{}&#8220;][et_pb_icon font_icon=&#8220;&#xf500;||fa||900&#8243; icon_width=&#8220;30px&#8220; _builder_version=&#8220;4.24.2&#8243; _module_preset=&#8220;default&#8220; custom_margin=&#8220;||9px|||&#8220; global_colors_info=&#8220;{}&#8220;][\/et_pb_icon][et_pb_text _builder_version=&#8220;4.24.2&#8243; _module_preset=&#8220;default&#8220; global_colors_info=&#8220;{}&#8220;]<\/p>\n<p style=\"text-align: center;\">Max. 4 G\u00e4ste<\/p>\n<p>[\/et_pb_text][\/et_pb_column][et_pb_column type=&#8220;1_4&#8243; _builder_version=&#8220;4.24.2&#8243; _module_preset=&#8220;default&#8220; global_colors_info=&#8220;{}&#8220;][et_pb_icon font_icon=&#8220;&#xe074;||divi||400&#8243; icon_width=&#8220;30px&#8220; _builder_version=&#8220;4.24.2&#8243; _module_preset=&#8220;default&#8220; custom_margin=&#8220;||8px|||&#8220; global_colors_info=&#8220;{}&#8220;][\/et_pb_icon][et_pb_text _builder_version=&#8220;4.24.2&#8243; _module_preset=&#8220;default&#8220; module_alignment=&#8220;center&#8220; global_colors_info=&#8220;{}&#8220;]<\/p>\n<p style=\"text-align: center;\">74 m\u00b2<\/p>\n<p>[\/et_pb_text][\/et_pb_column][\/et_pb_row][et_pb_row column_structure=&#8220;1_2,1_2&#8243; use_custom_gutter=&#8220;on&#8220; make_equal=&#8220;on&#8220; padding_top_bottom_link_2=&#8220;true&#8220; _builder_version=&#8220;4.16&#8243; width=&#8220;100%&#8220; max_width=&#8220;100%&#8220; custom_margin=&#8220;32px|auto|32px|auto|true|&#8220; custom_padding=&#8220;6px||0px|||&#8220; use_custom_width=&#8220;on&#8220; width_unit=&#8220;off&#8220; custom_width_percent=&#8220;100%&#8220; global_colors_info=&#8220;{}&#8220;][et_pb_column type=&#8220;1_2&#8243; _builder_version=&#8220;4.16&#8243; custom_padding=&#8220;|||&#8220; global_colors_info=&#8220;{}&#8220; custom_padding__hover=&#8220;|||&#8220;][et_pb_image src=&#8220;https:\/\/haus-sandra.eu\/wp-content\/uploads\/2024\/02\/kueche-mit-essbereich.jpg&#8220; title_text=&#8220;K\u00fcche mit Essbereich&#8220; force_fullwidth=&#8220;on&#8220; align_tablet=&#8220;center&#8220; align_phone=&#8220;center&#8220; align_last_edited=&#8220;on|desktop&#8220; _builder_version=&#8220;4.23.4&#8243; custom_margin=&#8220;|||&#8220; custom_margin_tablet=&#8220;||0px|&#8220; custom_margin_last_edited=&#8220;off|desktop&#8220; animation_style=&#8220;slide&#8220; animation_direction=&#8220;left&#8220; animation_intensity_slide=&#8220;5%&#8220; global_colors_info=&#8220;{}&#8220;][\/et_pb_image][\/et_pb_column][et_pb_column type=&#8220;1_2&#8243; _builder_version=&#8220;4.16&#8243; custom_padding=&#8220;50px|10%|50px|&#8220; custom_padding_tablet=&#8220;0px|10%|0px|10%|true|true&#8220; custom_padding_phone=&#8220;0px|10%|0px|10%|true|true&#8220; custom_padding_last_edited=&#8220;on|tablet&#8220; global_colors_info=&#8220;{}&#8220; padding_tablet=&#8220;0px|10%|0px|10%|true|true&#8220; padding_last_edited=&#8220;on|tablet&#8220; custom_padding__hover=&#8220;|||&#8220; padding_phone=&#8220;0px|10%|0px|10%|true|true&#8220;][et_pb_text _builder_version=&#8220;4.24.2&#8243; text_font=&#8220;||||||||&#8220; text_font_size=&#8220;16px&#8220; ul_font=&#8220;||||||||&#8220; ul_line_height=&#8220;2em&#8220; header_font=&#8220;||||||||&#8220; header_3_font=&#8220;Raleway|700|||||||&#8220; header_3_font_size=&#8220;40px&#8220; header_3_line_height=&#8220;1.4em&#8220; custom_margin=&#8220;4px|||||&#8220; header_3_font_size_tablet=&#8220;35px&#8220; header_3_font_size_phone=&#8220;25px&#8220; header_3_font_size_last_edited=&#8220;on|phone&#8220; global_colors_info=&#8220;{}&#8220;]<\/p>\n<ul class=\"features features--multi-row \"><\/ul>\n<p>Hier finden Sie 2 hochwertig eingerichtete Schlafzimmer<br \/>(das etwas gr\u00f6\u00dfere mit Doppelbett, das zweite mit 2 Einzelbetten).<\/p>\n<p>Der Wohnbereich mit Terrasse ist mit Esstisch, bequemen St\u00fchlen, einer Couch, Kaffeetisch und Sessel ausgestattet. TV mit DVD-Player und Stereoanlage sind ebenfalls vorhanden.<\/p>\n<p>Die Einbauk\u00fcche ist komplett eingerichtet (mit 4er-Ceranfeld, Backofen, Geschirrsp\u00fcler, Waschbecken, K\u00fchlschrank mit 3*** Gefrierfach, Kaffeevollautomat, Wasserkocher und Toaster). Das Badezimmer bietet eine ebenerdige Dusche, Badewanne, Waschbecken und WC; ein separates WC ist zus\u00e4tzlich in der Wohnung.<\/p>\n<p>Die Ferienwohnung ist f\u00fcr Rollstuhlfahrer geeignet. Ein B\u00fcgelbrett, Dampfb\u00fcgeleisen und W\u00e4schest\u00e4nder geh\u00f6ren ebenfalls zur Ausstattung. Babybett und Kinderhochstuhl auf Wunsch.<\/p>\n<p>[\/et_pb_text][et_pb_text _builder_version=&#8220;4.24.2&#8243; _module_preset=&#8220;default&#8220; custom_margin=&#8220;||18px|||&#8220; custom_padding=&#8220;|||4px|false|false&#8220; global_colors_info=&#8220;{}&#8220;]<\/p>\n<p><strong>Austattung<br \/><\/strong><span style=\"font-size: 14px;\">Backofen, Mikrowelle, Bettw\u00e4sche vorhanden, Br\u00f6tchen-Bring-Service, Couchecke, DVD-Player, ebenerdiger Zugang, Essgelegenheit, Fernseher, Geschirrsp\u00fclmaschine, Grill, Handt\u00fccher vorhanden, K\u00fchlschrank, Nichtraucher, Safe, Sat-TV \/ Kabel, Schlafsofa, Stereoanlage, Terrasse, Wohnk\u00fcche, Zentralheizung, Badewanne, Dusche, WC, WC separat.<\/span><\/p>\n<p>[\/et_pb_text][et_pb_button button_url=&#8220;\/wp-content\/uploads\/2024\/03\/Hausordnung-2.pdf&#8220; button_text=&#8220;Bitte beachten Sie unsere Hausordnung&#8220; _builder_version=&#8220;4.24.2&#8243; _module_preset=&#8220;default&#8220; custom_button=&#8220;on&#8220; button_text_size=&#8220;12px&#8220; button_text_color=&#8220;#94c11f&#8220; button_icon=&#8220;&#x45;||divi||400&#8243; button_icon_color=&#8220;#E02B20&#8243; button_icon_placement=&#8220;left&#8220; animation_style=&#8220;slide&#8220; global_colors_info=&#8220;{}&#8220;][\/et_pb_button][et_pb_text _builder_version=&#8220;4.23.4&#8243; text_font=&#8220;Raleway|700|||||||&#8220; text_text_color=&#8220;#333333&#8243; text_font_size=&#8220;34px&#8220; text_line_height=&#8220;1.4em&#8220; header_font=&#8220;||||||||&#8220; header_5_font=&#8220;||||||||&#8220; header_5_text_color=&#8220;#666666&#8243; header_5_font_size=&#8220;14px&#8220; custom_margin=&#8220;||19px|||&#8220; locked=&#8220;off&#8220; global_colors_info=&#8220;{}&#8220;]<\/p>\n<h5>Tagespreis<\/h5>\n<p>ab 80 \u20ac<\/p>\n<h5>pro Einheit \/ Nacht f\u00fcr 2 Personen<\/h5>\n<p>[\/et_pb_text][et_pb_toggle title=&#8220;Alle Preise&#8220; icon_color=&#8220;#94c11f&#8220; toggle_icon=&#8220;&#x3d;||divi||400&#8243; open_icon_color=&#8220;#E09900&#8243; open_toggle_icon=&#8220;&#x52;||divi||400&#8243; _builder_version=&#8220;4.27.4&#8243; _module_preset=&#8220;default&#8220; hover_enabled=&#8220;0&#8243; global_colors_info=&#8220;{}&#8220; sticky_enabled=&#8220;0&#8243;]<\/p>\n<p>Grundpreis pro Nacht f\u00fcr 2 Personen inklusive Mehrwertsteuer:<\/p>\n<p>5 &#8211; 6 N\u00e4chte\u00a0 \u20ac 93,-<br \/>Ab 7 \u00dcbernachtungen\u00a0 \u20ac 83,-<br \/>Ab 14 \u00dcbernachtungen\u00a0 \u20ac 80,-<\/p>\n<p>Jede zus\u00e4tzliche Person in einer Wohnung \u20ac 12,- pro \u00dcbernachtung<\/p>\n<p>Kinder 0 &#8211;\u00a06 Monate sind frei, ben\u00f6tigen Sie ein Kinderbett und einen Kinderhochstuhl kostet das einmalig \u20ac 8,- (wird nur bei Kindern bis 6 Monaten berechnet, sonst ist ist dies im Preis enthalten)<\/p>\n<p><strong>Kurtaxe<\/strong><span>\u00a0<\/span>F\u00fcr Erwachsene (ab 16 Jahren) \u20ac 1,90 pro \u00dcbernachtung F\u00fcr Kinder 6 -15 Jahre \u20ac 1,00 pro \u00dcbernachtung Kinder bis 5 Jahre sind frei<\/p>\n<p>Bei der Buchung einer Wohnung werden 40% des Mietpreises als Buchungsbest\u00e4tigung f\u00e4llig<\/p>\n<p><strong>Bei der Anreise ist eine Kaution von \u20ac 100,- zu hinterlegen, die nach Abnahme der Wohnung ohne Beanstandung am Abreisetag erstattet wird.<\/strong><\/p>\n<p>&nbsp;<\/p>\n<p>[\/et_pb_toggle][et_pb_button button_url=&#8220;https:\/\/haus-sandra.eu\/#kontakt&#8220; button_text=&#8220;Jetzt buchen&#8220; _builder_version=&#8220;4.24.2&#8243; custom_button=&#8220;on&#8220; button_text_size=&#8220;15px&#8220; button_text_color=&#8220;#ffffff&#8220; button_bg_color=&#8220;#b2b9c4&#8243; button_border_width=&#8220;8px&#8220; button_border_color=&#8220;rgba(0,0,0,0)&#8220; button_border_radius=&#8220;0px&#8220; button_font=&#8220;Raleway|700|||||||&#8220; button_border_radius_hover=&#8220;0px&#8220; locked=&#8220;off&#8220; global_colors_info=&#8220;{}&#8220; button_text_size__hover_enabled=&#8220;off&#8220; button_one_text_size__hover_enabled=&#8220;off&#8220; button_two_text_size__hover_enabled=&#8220;off&#8220; button_text_color__hover_enabled=&#8220;off&#8220; button_one_text_color__hover_enabled=&#8220;off&#8220; button_two_text_color__hover_enabled=&#8220;off&#8220; button_border_width__hover_enabled=&#8220;off&#8220; button_one_border_width__hover_enabled=&#8220;off&#8220; button_two_border_width__hover_enabled=&#8220;off&#8220; button_border_color__hover_enabled=&#8220;off&#8220; button_one_border_color__hover_enabled=&#8220;off&#8220; button_two_border_color__hover_enabled=&#8220;off&#8220; button_border_radius__hover_enabled=&#8220;on&#8220; button_border_radius__hover=&#8220;0px&#8220; button_one_border_radius__hover_enabled=&#8220;off&#8220; button_two_border_radius__hover_enabled=&#8220;off&#8220; button_letter_spacing__hover_enabled=&#8220;off&#8220; button_one_letter_spacing__hover_enabled=&#8220;off&#8220; button_two_letter_spacing__hover_enabled=&#8220;off&#8220; button_bg_color__hover_enabled=&#8220;off&#8220; button_one_bg_color__hover_enabled=&#8220;off&#8220; button_two_bg_color__hover_enabled=&#8220;off&#8220;][\/et_pb_button][\/et_pb_column][\/et_pb_row][et_pb_row _builder_version=&#8220;4.23.4&#8243; _module_preset=&#8220;default&#8220; custom_padding=&#8220;12px|||||&#8220; global_colors_info=&#8220;{}&#8220;][et_pb_column type=&#8220;4_4&#8243; _builder_version=&#8220;4.23.4&#8243; _module_preset=&#8220;default&#8220; global_colors_info=&#8220;{}&#8220;][et_pb_text _builder_version=&#8220;4.23.4&#8243; _module_preset=&#8220;default&#8220; global_colors_info=&#8220;{}&#8220;]<\/p>\n<h2>Bildergalerie<\/h2>\n<p>[\/et_pb_text][et_pb_gallery gallery_ids=&#8220;104,88,103,92,101,105,102&#8243; show_title_and_caption=&#8220;off&#8220; _builder_version=&#8220;4.23.4&#8243; _module_preset=&#8220;default&#8220; width=&#8220;100%&#8220; module_alignment=&#8220;center&#8220; animation_style=&#8220;flip&#8220; box_shadow_style_image=&#8220;preset2&#8243; global_colors_info=&#8220;{}&#8220;][\/et_pb_gallery][\/et_pb_column][\/et_pb_row][\/et_pb_section][et_pb_section fb_built=&#8220;1&#8243; module_id=&#8220;bkfw1&#8243; _builder_version=&#8220;4.24.2&#8243; _module_preset=&#8220;default&#8220; background_enable_image=&#8220;off&#8220; parallax=&#8220;on&#8220; background_blend=&#8220;multiply&#8220; global_colors_info=&#8220;{}&#8220;][et_pb_row column_structure=&#8220;2_3,1_3&#8243; _builder_version=&#8220;4.24.2&#8243; _module_preset=&#8220;default&#8220; global_colors_info=&#8220;{}&#8220;][et_pb_column type=&#8220;2_3&#8243; _builder_version=&#8220;4.24.2&#8243; _module_preset=&#8220;default&#8220; global_colors_info=&#8220;{}&#8220;][et_pb_text _builder_version=&#8220;4.23.4&#8243; _module_preset=&#8220;default&#8220; global_colors_info=&#8220;{}&#8220;]<\/p>\n<h2>Belegungskalender<\/h2>\n<p>[\/et_pb_text][et_pb_code _builder_version=&#8220;4.23.4&#8243; _module_preset=&#8220;default&#8220; text_orientation=&#8220;center&#8220; module_alignment=&#8220;center&#8220; animation_style=&#8220;flip&#8220; global_colors_info=&#8220;{}&#8220;]<\/p>\n<div id='traumfewo-calendar-66842' class=\"tfw-calendar-app\" data-base_url='www.traum-ferienwohnungen.de' data-language_id=\"1\" data-startMonth='0' data-numberOfMonths='6' data-listingid='66842'><a id='calendar-link-66842' href='https:\/\/www.traum-ferienwohnungen.de\/66842'>Ferienwohnung 1 <\/a><\/div>\n<p><script src=\"https:\/\/static2.traum-ferienwohnungen.de\/vmb-public\/cache\/js\/calendarWidget.js\" type='application\/javascript'><\/script><script type=\"application\/javascript\">function createWidget66842() {var calendarNode = document.getElementById('traumfewo-calendar-66842');var calendarWidget = new window.tfw.CalendarWidget(calendarNode); calendarWidget.throttle(\"resize\", \"optimizedResize\");window.addEventListener('resize', function() {calendarWidget.update();}, false);calendarWidget.init();}window.addEventListener(\"load\",function(event) {createWidget66842();},false);if(window.tfw && window.tfw.CalendarWidget){createWidget66842()}<\/script>[\/et_pb_code][\/et_pb_column][et_pb_column type=&#8220;1_3&#8243; _builder_version=&#8220;4.24.2&#8243; _module_preset=&#8220;default&#8220; global_colors_info=&#8220;{}&#8220;][et_pb_button button_url=&#8220;\/index.php\/ferienwohnung-1\/&#8220; button_text=&#8220;Ferienwohnung 1&#8243; button_alignment=&#8220;center&#8220; _builder_version=&#8220;4.24.2&#8243; custom_button=&#8220;on&#8220; button_text_color=&#8220;#FFFFFF&#8220; button_bg_color=&#8220;#94c11f&#8220; button_border_width=&#8220;10px&#8220; button_border_color=&#8220;rgba(0,0,0,0)&#8220; button_border_radius=&#8220;0px&#8220; button_font=&#8220;|700|||||||&#8220; button_icon=&#8220;&#xf236;||fa||900&#8243; button_icon_color=&#8220;#FFFFFF&#8220; custom_margin=&#8220;67px||30px|||&#8220; button_border_radius_hover=&#8220;0px&#8220; locked=&#8220;off&#8220; global_colors_info=&#8220;{}&#8220; button_text_size__hover_enabled=&#8220;off&#8220; button_one_text_size__hover_enabled=&#8220;off&#8220; button_two_text_size__hover_enabled=&#8220;off&#8220; button_text_color__hover_enabled=&#8220;off&#8220; button_one_text_color__hover_enabled=&#8220;off&#8220; button_two_text_color__hover_enabled=&#8220;off&#8220; button_border_width__hover_enabled=&#8220;off&#8220; button_one_border_width__hover_enabled=&#8220;off&#8220; button_two_border_width__hover_enabled=&#8220;off&#8220; button_border_color__hover_enabled=&#8220;off&#8220; button_one_border_color__hover_enabled=&#8220;off&#8220; button_two_border_color__hover_enabled=&#8220;off&#8220; button_border_radius__hover_enabled=&#8220;on&#8220; button_border_radius__hover=&#8220;0px&#8220; button_one_border_radius__hover_enabled=&#8220;off&#8220; button_two_border_radius__hover_enabled=&#8220;off&#8220; button_letter_spacing__hover_enabled=&#8220;off&#8220; button_one_letter_spacing__hover_enabled=&#8220;off&#8220; button_two_letter_spacing__hover_enabled=&#8220;off&#8220; button_bg_color__hover_enabled=&#8220;off&#8220; button_one_bg_color__hover_enabled=&#8220;off&#8220; button_two_bg_color__hover_enabled=&#8220;off&#8220;][\/et_pb_button][et_pb_button button_url=&#8220;\/index.php\/ferienwohnung-2\/&#8220; button_text=&#8220;Ferienwohnung 2&#8243; button_alignment=&#8220;center&#8220; _builder_version=&#8220;4.24.2&#8243; custom_button=&#8220;on&#8220; button_text_color=&#8220;#FFFFFF&#8220; button_bg_color=&#8220;#94c11f&#8220; button_border_width=&#8220;10px&#8220; button_border_color=&#8220;rgba(0,0,0,0)&#8220; button_border_radius=&#8220;0px&#8220; button_font=&#8220;|700|||||||&#8220; button_icon=&#8220;&#xf236;||fa||900&#8243; button_icon_color=&#8220;#FFFFFF&#8220; custom_margin=&#8220;||30px|||&#8220; button_border_radius_hover=&#8220;0px&#8220; locked=&#8220;off&#8220; global_colors_info=&#8220;{}&#8220; button_text_size__hover_enabled=&#8220;off&#8220; button_one_text_size__hover_enabled=&#8220;off&#8220; button_two_text_size__hover_enabled=&#8220;off&#8220; button_text_color__hover_enabled=&#8220;off&#8220; button_one_text_color__hover_enabled=&#8220;off&#8220; button_two_text_color__hover_enabled=&#8220;off&#8220; button_border_width__hover_enabled=&#8220;off&#8220; button_one_border_width__hover_enabled=&#8220;off&#8220; button_two_border_width__hover_enabled=&#8220;off&#8220; button_border_color__hover_enabled=&#8220;off&#8220; button_one_border_color__hover_enabled=&#8220;off&#8220; button_two_border_color__hover_enabled=&#8220;off&#8220; button_border_radius__hover_enabled=&#8220;on&#8220; button_border_radius__hover=&#8220;0px&#8220; button_one_border_radius__hover_enabled=&#8220;off&#8220; button_two_border_radius__hover_enabled=&#8220;off&#8220; button_letter_spacing__hover_enabled=&#8220;off&#8220; button_one_letter_spacing__hover_enabled=&#8220;off&#8220; button_two_letter_spacing__hover_enabled=&#8220;off&#8220; button_bg_color__hover_enabled=&#8220;off&#8220; button_one_bg_color__hover_enabled=&#8220;off&#8220; button_two_bg_color__hover_enabled=&#8220;off&#8220;][\/et_pb_button][et_pb_button button_url=&#8220;\/index.php\/ferienwohnung-3\/&#8220; button_text=&#8220;Ferienwohnung 3&#8243; button_alignment=&#8220;center&#8220; _builder_version=&#8220;4.24.2&#8243; custom_button=&#8220;on&#8220; button_text_color=&#8220;#FFFFFF&#8220; button_bg_color=&#8220;#94c11f&#8220; button_border_width=&#8220;10px&#8220; button_border_color=&#8220;rgba(0,0,0,0)&#8220; button_border_radius=&#8220;0px&#8220; button_font=&#8220;|700|||||||&#8220; button_icon=&#8220;&#xf236;||fa||900&#8243; button_icon_color=&#8220;#FFFFFF&#8220; custom_margin=&#8220;||30px|||&#8220; button_border_radius_hover=&#8220;0px&#8220; locked=&#8220;off&#8220; global_colors_info=&#8220;{}&#8220; button_text_size__hover_enabled=&#8220;off&#8220; button_one_text_size__hover_enabled=&#8220;off&#8220; button_two_text_size__hover_enabled=&#8220;off&#8220; button_text_color__hover_enabled=&#8220;off&#8220; button_one_text_color__hover_enabled=&#8220;off&#8220; button_two_text_color__hover_enabled=&#8220;off&#8220; button_border_width__hover_enabled=&#8220;off&#8220; button_one_border_width__hover_enabled=&#8220;off&#8220; button_two_border_width__hover_enabled=&#8220;off&#8220; button_border_color__hover_enabled=&#8220;off&#8220; button_one_border_color__hover_enabled=&#8220;off&#8220; button_two_border_color__hover_enabled=&#8220;off&#8220; button_border_radius__hover_enabled=&#8220;on&#8220; button_border_radius__hover=&#8220;0px&#8220; button_one_border_radius__hover_enabled=&#8220;off&#8220; button_two_border_radius__hover_enabled=&#8220;off&#8220; button_letter_spacing__hover_enabled=&#8220;off&#8220; button_one_letter_spacing__hover_enabled=&#8220;off&#8220; button_two_letter_spacing__hover_enabled=&#8220;off&#8220; button_bg_color__hover_enabled=&#8220;off&#8220; button_one_bg_color__hover_enabled=&#8220;off&#8220; button_two_bg_color__hover_enabled=&#8220;off&#8220;][\/et_pb_button][\/et_pb_column][\/et_pb_row][\/et_pb_section]<\/p>\n","protected":false},"excerpt":{"rendered":"<p>Ferienwohnung 12 Schlafzimmer (+1)1 BadezimmerMax. 4 G\u00e4ste74 m\u00b2 Hier finden Sie 2 hochwertig eingerichtete Schlafzimmer(das etwas gr\u00f6\u00dfere mit Doppelbett, das zweite mit 2 Einzelbetten). Der Wohnbereich mit Terrasse ist mit Esstisch, bequemen St\u00fchlen, einer Couch, Kaffeetisch und Sessel ausgestattet. TV mit DVD-Player und Stereoanlage sind ebenfalls vorhanden. Die Einbauk\u00fcche ist komplett eingerichtet (mit 4er-Ceranfeld, Backofen, [&hellip;]<\/p>\n","protected":false},"author":1,"featured_media":0,"parent":0,"menu_order":0,"comment_status":"closed","ping_status":"closed","template":"","meta":{"_et_pb_use_builder":"on","_et_pb_old_content":"","_et_gb_content_width":"","footnotes":""},"class_list":["post-98","page","type-page","status-publish","hentry"],"_links":{"self":[{"href":"https:\/\/haus-sandra.eu\/index.php\/wp-json\/wp\/v2\/pages\/98","targetHints":{"allow":["GET"]}}],"collection":[{"href":"https:\/\/haus-sandra.eu\/index.php\/wp-json\/wp\/v2\/pages"}],"about":[{"href":"https:\/\/haus-sandra.eu\/index.php\/wp-json\/wp\/v2\/types\/page"}],"author":[{"embeddable":true,"href":"https:\/\/haus-sandra.eu\/index.php\/wp-json\/wp\/v2\/users\/1"}],"replies":[{"embeddable":true,"href":"https:\/\/haus-sandra.eu\/index.php\/wp-json\/wp\/v2\/comments?post=98"}],"version-history":[{"count":40,"href":"https:\/\/haus-sandra.eu\/index.php\/wp-json\/wp\/v2\/pages\/98\/revisions"}],"predecessor-version":[{"id":340,"href":"https:\/\/haus-sandra.eu\/index.php\/wp-json\/wp\/v2\/pages\/98\/revisions\/340"}],"wp:attachment":[{"href":"https:\/\/haus-sandra.eu\/index.php\/wp-json\/wp\/v2\/media?parent=98"}],"curies":[{"name":"wp","href":"https:\/\/api.w.org\/{rel}","templated":true}]}}